{"id":3442,"date":"2025-10-30T21:10:16","date_gmt":"2025-10-30T19:10:16","guid":{"rendered":"https:\/\/sig1psk.lv\/?page_id=3442"},"modified":"2025-11-30T19:40:22","modified_gmt":"2025-11-30T17:40:22","slug":"2025-2026-m-g-ii-semestris","status":"publish","type":"page","link":"https:\/\/sig1psk.lv\/index.php\/2025-2026-m-g-ii-semestris\/","title":{"rendered":"2025.\/2026. M. G. I SEMESTRIS"},"content":{"rendered":"\n<p><\/p>\n\n\n\n<p style=\"font-size:22px\"><strong>Koncertlekcija<\/strong> <strong>\u201cDzejas dienas m\u016bzik\u0101 \u2013 Aspazijai 160\u201d.<\/strong><\/p>\n\n\n\n<p style=\"font-size:17px\">Kult\u016brizgl\u012bt\u012bbas programmas \u201cLatvijas skolas soma\u201d ietvaros&nbsp; 29. oktobr\u012b Siguldas 1. pamatskol\u0101 viesoj\u0101s m\u0101kslinieki R\u016bta D\u016bduma un J\u0101nis \u0136irsis ar koncertlekciju \u201cDzejas dienas m\u016bzik\u0101 \u2013 Aspazijai 160\u201d.<\/p>\n\n\n\n<p style=\"font-size:17px\">&nbsp;&nbsp;&nbsp;&nbsp;&nbsp;&nbsp;&nbsp;&nbsp;&nbsp; M\u0101kslinieki 1.-9. kla\u0161u skol\u0113nus iepaz\u012bstin\u0101ja ar dzejnieces rado\u0161o mantojumu, drosm\u012bgo garu. Koncertlekcija veidota k\u0101 dz\u012bva saruna starp dzeju un m\u016bziku \u2013 starp Aspazijas v\u0101rdu un komponistu rad\u012bto ska\u0146u telpu. Interesanta bija publikas iesaiste pas\u0101kum\u0101 l\u012bdzdarboties. Dinamiski, raiti, m\u016bsdien\u012bgi, interesanti \u2013 t\u0101 skol\u0113ni nov\u0113rt\u0113ja redz\u0113to un dzird\u0113to.<\/p>\n\n\n<div class=\"wp-block-image\">\n<figure class=\"aligncenter size-large is-resized\"><img loading=\"lazy\" decoding=\"async\" width=\"768\" height=\"1024\" src=\"https:\/\/sig1psk.lv\/wp-content\/uploads\/2025\/10\/557589797_1538090131150609_517988776349854975_n-768x1024.jpg\" alt=\"\" class=\"wp-image-3448\" style=\"width:auto;height:800px\" srcset=\"https:\/\/sig1psk.lv\/wp-content\/uploads\/2025\/10\/557589797_1538090131150609_517988776349854975_n-768x1024.jpg 768w, https:\/\/sig1psk.lv\/wp-content\/uploads\/2025\/10\/557589797_1538090131150609_517988776349854975_n-225x300.jpg 225w, https:\/\/sig1psk.lv\/wp-content\/uploads\/2025\/10\/557589797_1538090131150609_517988776349854975_n-1152x1536.jpg 1152w, https:\/\/sig1psk.lv\/wp-content\/uploads\/2025\/10\/557589797_1538090131150609_517988776349854975_n.jpg 1530w\" sizes=\"auto, (max-width: 768px) 100vw, 768px\" \/><\/figure>\n<\/div>\n\n\n<p><\/p>\n\n\n\n<h2 class=\"wp-block-heading\" style=\"font-size:22px\"><strong> \u201cLatvie\u0161u tradicion\u0101l\u0101s rota\u013cas un dan\u010di M\u0101rti\u0146os\u201d.<\/strong><\/h2>\n\n\n\n<p style=\"font-size:17px\">10. novembr\u012b kult\u016brizgl\u012bt\u012bbas programmas \u201cLatvijas skolas soma\u201d ietvaros Siguldas 1. pamatskol\u0101 viesoj\u0101s m\u0101kslinieki no biedr\u012bbas \u201cKaln\u0101 k\u0101pu gavil\u0113t\u201d ar nodarb\u012bbu \u201cLatvie\u0161u tradicion\u0101l\u0101s rota\u013cas un dan\u010di M\u0101rti\u0146os\u201d. M\u0101kslinieki 1.-3. kla\u0161u skol\u0113nus iesaist\u012bja sarun\u0101 par gadsk\u0101rtu sv\u0113tku &#8211; M\u0101rti\u0146u iera\u017e\u0101m, tic\u0113jumiem un sv\u0113tku noz\u012bmi. Pas\u0101kum\u0101 kop\u0101 tika izdzied\u0101tas dziesmas, kas rakstur\u012bgas konkr\u0113tajai gadsk\u0101rtu norisei. Dal\u012bbnieki tika iesaist\u012bti rota\u013c\u0101s un dej\u0101s, pirms t\u0101m kop\u0101 ar vad\u012bt\u0101jiem apg\u016bstot so\u013cus, iepaz\u012bta norise. Tika izmantotas tradicion\u0101l\u0101s maskas. Pirms pas\u0101kuma bija m\u0101jas darbs \u2013 sagatavot katram savu, \u0161iem sv\u0113tkiem piem\u0113rotu galvas masku.<\/p>\n\n\n\n<p><\/p>\n\n\n<div class=\"wp-block-image\">\n<figure class=\"aligncenter size-large is-resized\"><img loading=\"lazy\" decoding=\"async\" width=\"1024\" height=\"768\" src=\"https:\/\/sig1psk.lv\/wp-content\/uploads\/2025\/11\/576995426_1549532990006323_4236567914678071489_n-1024x768.jpg\" alt=\"\" class=\"wp-image-3562\" style=\"width:auto;height:600px\" srcset=\"https:\/\/sig1psk.lv\/wp-content\/uploads\/2025\/11\/576995426_1549532990006323_4236567914678071489_n-1024x768.jpg 1024w, https:\/\/sig1psk.lv\/wp-content\/uploads\/2025\/11\/576995426_1549532990006323_4236567914678071489_n-300x225.jpg 300w, https:\/\/sig1psk.lv\/wp-content\/uploads\/2025\/11\/576995426_1549532990006323_4236567914678071489_n-768x576.jpg 768w, https:\/\/sig1psk.lv\/wp-content\/uploads\/2025\/11\/576995426_1549532990006323_4236567914678071489_n-1536x1152.jpg 1536w, https:\/\/sig1psk.lv\/wp-content\/uploads\/2025\/11\/576995426_1549532990006323_4236567914678071489_n.jpg 2000w\" sizes=\"auto, (max-width: 1024px) 100vw, 1024px\" \/><\/figure>\n<\/div>\n\n\n<p><\/p>\n\n\n\n<h2 class=\"wp-block-heading\" style=\"font-size:22px\"><strong>&#8220;Sve\u010du darbn\u012bca&#8221;<\/strong><\/h2>\n\n\n\n<p style=\"font-size:17px\">25., 26. un 27. novembr\u012b projekta \u201cLatvijas skolas soma\u201d ietvaros Siguldas 1.pamatskola viesoj\u0101s \u201cSve\u010du darbn\u012bca\u201d. Pieredz\u0113ju\u0161a meistara vad\u012bb\u0101 visiem skolas 4.- 9. kla\u0161u skol\u0113niem bija iesp\u0113ja piedal\u012bties izzino\u0161\u0101 un rado\u0161\u0101 sve\u010du lie\u0161anas meistardarbn\u012bc\u0101.<\/p>\n\n\n\n<p style=\"font-size:17px\">Skol\u0113ni uzzin\u0101ja, kur mekl\u0113jami sve\u010du pirms\u0101kumi, no k\u0101 t\u0101s izgatavoja, kur un k\u0101 lietoja. Katram bija iesp\u0113ja iejusties sve\u010du meistara lom\u0101, k\u013c\u016bstot par m\u0101kslinieku, dizaineri un sve\u010du l\u0113j\u0113ju. Tika pagatavotas divas da\u017e\u0101da veida sveces, izv\u0113loties sev t\u012bkam\u0101kos kr\u0101su salikumus. Gatav\u0101s sveces tika iesai\u0146otas un noform\u0113tas k\u0101 skaistas d\u0101vanas. Izv\u0113rt\u0113jot \u0161o nodarb\u012bbu, skol\u0113ni atzina, ka t\u0101 bija \u013coti rado\u0161a un interesanta.<\/p>\n\n\n<div class=\"wp-block-image\">\n<figure class=\"aligncenter size-large is-resized\"><img loading=\"lazy\" decoding=\"async\" width=\"768\" height=\"1024\" src=\"https:\/\/sig1psk.lv\/wp-content\/uploads\/2025\/11\/1000000436-768x1024.jpg\" alt=\"\" class=\"wp-image-3629\" style=\"width:auto;height:600px\" srcset=\"https:\/\/sig1psk.lv\/wp-content\/uploads\/2025\/11\/1000000436-768x1024.jpg 768w, https:\/\/sig1psk.lv\/wp-content\/uploads\/2025\/11\/1000000436-225x300.jpg 225w, https:\/\/sig1psk.lv\/wp-content\/uploads\/2025\/11\/1000000436-1152x1536.jpg 1152w, https:\/\/sig1psk.lv\/wp-content\/uploads\/2025\/11\/1000000436.jpg 1500w\" sizes=\"auto, (max-width: 768px) 100vw, 768px\" \/><\/figure>\n<\/div>\n\n\n<p><\/p>\n\n\n<div class=\"wp-block-image\">\n<figure class=\"aligncenter size-large is-resized\"><img loading=\"lazy\" decoding=\"async\" width=\"768\" height=\"1024\" src=\"https:\/\/sig1psk.lv\/wp-content\/uploads\/2025\/11\/1000000438-768x1024.jpg\" alt=\"\" class=\"wp-image-3630\" style=\"width:600px\" srcset=\"https:\/\/sig1psk.lv\/wp-content\/uploads\/2025\/11\/1000000438-768x1024.jpg 768w, https:\/\/sig1psk.lv\/wp-content\/uploads\/2025\/11\/1000000438-225x300.jpg 225w, https:\/\/sig1psk.lv\/wp-content\/uploads\/2025\/11\/1000000438-1152x1536.jpg 1152w, https:\/\/sig1psk.lv\/wp-content\/uploads\/2025\/11\/1000000438.jpg 1500w\" sizes=\"auto, (max-width: 768px) 100vw, 768px\" \/><\/figure>\n<\/div>","protected":false},"excerpt":{"rendered":"<p>Koncertlekcija \u201cDzejas dienas m\u016bzik\u0101 \u2013 Aspazijai 160\u201d. Kult\u016brizgl\u012bt\u012bbas programmas \u201cLatvijas skolas soma\u201d ietvaros&nbsp; 29. oktobr\u012b Siguldas 1. pamatskol\u0101 viesoj\u0101s m\u0101kslinieki R\u016bta D\u016bduma un J\u0101nis \u0136irsis ar koncertlekciju \u201cDzejas dienas m\u016bzik\u0101 &#8230; <a title=\"2025.\/2026. M. G. I SEMESTRIS\" class=\"read-more\" href=\"https:\/\/sig1psk.lv\/index.php\/2025-2026-m-g-ii-semestris\/\" aria-label=\"Read more about 2025.\/2026. M. G. I SEMESTRIS\">Las\u012bt t\u0101l\u0101k<\/a><\/p>\n","protected":false},"author":2,"featured_media":0,"parent":0,"menu_order":0,"comment_status":"closed","ping_status":"closed","template":"","meta":{"footnotes":""},"class_list":["post-3442","page","type-page","status-publish"],"rttpg_featured_image_url":null,"rttpg_author":{"display_name":"Siguldas Pamatskola","author_link":"https:\/\/sig1psk.lv\/index.php\/author\/admins\/"},"rttpg_comment":0,"rttpg_category":null,"rttpg_excerpt":"Koncertlekcija \u201cDzejas dienas m\u016bzik\u0101 \u2013 Aspazijai 160\u201d. Kult\u016brizgl\u012bt\u012bbas programmas \u201cLatvijas skolas soma\u201d ietvaros&nbsp; 29. oktobr\u012b Siguldas 1. pamatskol\u0101 viesoj\u0101s m\u0101kslinieki R\u016bta D\u016bduma un J\u0101nis \u0136irsis ar koncertlekciju \u201cDzejas dienas m\u016bzik\u0101 ... Las\u012bt t\u0101l\u0101k","_links":{"self":[{"href":"https:\/\/sig1psk.lv\/index.php\/wp-json\/wp\/v2\/pages\/3442","targetHints":{"allow":["GET"]}}],"collection":[{"href":"https:\/\/sig1psk.lv\/index.php\/wp-json\/wp\/v2\/pages"}],"about":[{"href":"https:\/\/sig1psk.lv\/index.php\/wp-json\/wp\/v2\/types\/page"}],"author":[{"embeddable":true,"href":"https:\/\/sig1psk.lv\/index.php\/wp-json\/wp\/v2\/users\/2"}],"replies":[{"embeddable":true,"href":"https:\/\/sig1psk.lv\/index.php\/wp-json\/wp\/v2\/comments?post=3442"}],"version-history":[{"count":11,"href":"https:\/\/sig1psk.lv\/index.php\/wp-json\/wp\/v2\/pages\/3442\/revisions"}],"predecessor-version":[{"id":3634,"href":"https:\/\/sig1psk.lv\/index.php\/wp-json\/wp\/v2\/pages\/3442\/revisions\/3634"}],"wp:attachment":[{"href":"https:\/\/sig1psk.lv\/index.php\/wp-json\/wp\/v2\/media?parent=3442"}],"curies":[{"name":"wp","href":"https:\/\/api.w.org\/{rel}","templated":true}]}}